{"id":169,"date":"2016-02-16T16:18:11","date_gmt":"2016-02-16T15:18:11","guid":{"rendered":"http:\/\/aufkleber-druck-profi.de\/?page_id=169"},"modified":"2017-08-21T13:08:19","modified_gmt":"2017-08-21T11:08:19","slug":"folie","status":"publish","type":"page","link":"https:\/\/aufkleber-druck-profi.de\/?page_id=169","title":{"rendered":"Folie &#8211; outdoor"},"content":{"rendered":"<div class=\"page\" title=\"Page 1\">\n<div class=\"layoutArea\">\n<div class=\"column\">\n<p>Verlagern Sie Ihre Werbung nach drau\u00dfen. Denn diese Aufkleber sind besonders f\u00fcr den Einsatz unter freiem Himmel geeignet, sie trotzen Wind und Wetter. Es kommt in erster Linie ein PVC-Tr\u00e4germaterial zum Einsatz, das zus\u00e4tzlich mit einem speziellen UV-Lack versiegelt wird. Die PVC-Folie gibt es in den Farbvarianten wei\u00df, silber und transparent.<\/p>\n<h6>Formate<\/h6>\n<p><strong>DIN-Formate<\/strong><\/p>\n<p>A8 (5,2 x 7,4 cm) \u00a0 \u00a0 \u00a0 \u00a0 \u00a0 \u00a0 \u00a0 \u00a0 \u00a0 \u00a0 \u00a0 \u00a0A7 (7,4 x 10,5 cm) \u00a0 \u00a0 \u00a0 \u00a0 \u00a0 \u00a0 \u00a0 \u00a0A7 lang (5,2 x 14,8 cm)<br \/>\nA6 (10,5 x 14,8) \u00a0 \u00a0 \u00a0 \u00a0 \u00a0 \u00a0 \u00a0 \u00a0 \u00a0 \u00a0 \u00a0 \u00a0 \u00a0A6 lang (7,4 x 21 cm) \u00a0 \u00a0 \u00a0 \u00a0 \u00a0 A5 (14,8 x 21 cm)<br \/>\nA5 lang ( 14,8 x 29,7 cm) \u00a0 \u00a0 \u00a0 \u00a0 A4 (21 x 29,7 cm) \u00a0 \u00a0 \u00a0 \u00a0 \u00a0 \u00a0 \u00a0 \u00a0 \u00a0A4 lang (9,8 x 21 cm)<br \/>\nA3 (29,7 x 42 cm) \u00a0 \u00a0 \u00a0 \u00a0 \u00a0 \u00a0 \u00a0 \u00a0 \u00a0 \u00a0 \u00a0A2 (42 x 59,4 cm) \u00a0 \u00a0 \u00a0 \u00a0 \u00a0 \u00a0 \u00a0 \u00a0 A1 (59,4 x 84,1 cm)<\/p>\n<div class=\"page\" title=\"Page 1\">\n<div class=\"layoutArea\">\n<div class=\"column\">\n<p>Neben den DIN-Formaten sind auch f\u00fcr den Outdoor-Bereich alle anderen Formate und Formen m\u00f6glich.<br \/>\nNeben eckig, oval, rund oder Sonderformen (Herz, Kleeblatt, Flugzeug, Stern &#8230;) sind nat\u00fcrlich auch Wunschformate bedruckbar.<\/p>\n<\/div>\n<div class=\"page\" title=\"Page 1\">\n<div class=\"layoutArea\">\n<div class=\"column\">\n<p><strong>Material<\/strong><\/p>\n<p>Bei der Folie wird statt g (Gramm) in \u03bcm (Mikrometer) gesprochen. Haupts\u00e4chlich kommen Folien mit 60\u03bcm und 90\u03bcm zum Einsatz. Diese Materialst\u00e4rken sind preisg\u00fcnstig sind zudem besonders gut zum Anbringen auf den unterschiedlichsten Untergr\u00fcnden geeignet.<\/p>\n<\/div>\n<\/div>\n<\/div>\n<\/div>\n<\/div>\n<div class=\"page\" title=\"Page 2\">\n<div class=\"layoutArea\">\n<div class=\"column\">\n<p><strong>Farben<\/strong><\/p>\n<p>Die PVC-Folien werden grunds\u00e4tzlich in Wei\u00df, Silber und Transparent von der Industrie geliefert.<br \/>\nWerden Sonderfarben gew\u00fcnscht (bspw.\u00a0Neonfarben, Gold etc), kann ein mehrfarbiger Aufdruck gew\u00e4hlt werden,<br \/>\nso dass Sie am Ende des Produktionsvorgangs die von Ihnen gew\u00fcnschte Farbe erhalten.<\/p>\n<div class=\"page\" title=\"Page 2\">\n<div class=\"layoutArea\">\n<div class=\"column\">\n<p><strong>F\u00fcr welche Untergr\u00fcnde geeignet?<\/strong><\/p>\n<p>Auch die Outdoor-Aufkleber eignen sich grunds\u00e4tzlich f\u00fcr die selben Untergr\u00fcnde wie die Indoor-Aufkleber.<br \/>\nZus\u00e4tzlich eignen sich auch zur dauerhaften Beklebung an Fahrzeugen, Anh\u00e4ngern, Schiffen, S-Bahnen und sogar an Flugzeugen.<\/p>\n<\/div>\n<\/div>\n<\/div>\n<\/div>\n<\/div>\n<\/div>\n<\/div>\n<\/div>\n<\/div>\n","protected":false},"excerpt":{"rendered":"<p>Verlagern Sie Ihre Werbung nach drau\u00dfen. Denn diese Aufkleber sind besonders f\u00fcr den Einsatz unter freiem Himmel geeignet, sie trotzen<\/p>\n","protected":false},"author":1,"featured_media":0,"parent":0,"menu_order":0,"comment_status":"closed","ping_status":"closed","template":"","meta":{"footnotes":""},"class_list":["post-169","page","type-page","status-publish","hentry"],"_links":{"self":[{"href":"https:\/\/aufkleber-druck-profi.de\/index.php?rest_route=\/wp\/v2\/pages\/169","targetHints":{"allow":["GET"]}}],"collection":[{"href":"https:\/\/aufkleber-druck-profi.de\/index.php?rest_route=\/wp\/v2\/pages"}],"about":[{"href":"https:\/\/aufkleber-druck-profi.de\/index.php?rest_route=\/wp\/v2\/types\/page"}],"author":[{"embeddable":true,"href":"https:\/\/aufkleber-druck-profi.de\/index.php?rest_route=\/wp\/v2\/users\/1"}],"replies":[{"embeddable":true,"href":"https:\/\/aufkleber-druck-profi.de\/index.php?rest_route=%2Fwp%2Fv2%2Fcomments&post=169"}],"version-history":[{"count":10,"href":"https:\/\/aufkleber-druck-profi.de\/index.php?rest_route=\/wp\/v2\/pages\/169\/revisions"}],"predecessor-version":[{"id":382,"href":"https:\/\/aufkleber-druck-profi.de\/index.php?rest_route=\/wp\/v2\/pages\/169\/revisions\/382"}],"wp:attachment":[{"href":"https:\/\/aufkleber-druck-profi.de\/index.php?rest_route=%2Fwp%2Fv2%2Fmedia&parent=169"}],"curies":[{"name":"wp","href":"https:\/\/api.w.org\/{rel}","templated":true}]}}